{"id":11181,"date":"2022-08-11T21:46:21","date_gmt":"2022-08-11T19:46:21","guid":{"rendered":"http:\/\/lfv-oberholz.de\/cms\/?page_id=11181"},"modified":"2024-07-07T23:29:32","modified_gmt":"2024-07-07T21:29:32","slug":"klemm-alexander","status":"publish","type":"page","link":"https:\/\/lfv-oberholz.de\/cms\/athleten\/klemm-alexander\/","title":{"rendered":"Klemm, Alexander"},"content":{"rendered":"<h2>Alexander Klemm<\/h2>\n<p>(Dieses Seite wurde mit Einwilligung der betreffenden Person erstellt und ver\u00f6ffentlicht.)<\/p>\n<p><a href=\"https:\/\/lfv-oberholz.de\/cms\/wp-content\/uploads\/Alexander_Klemm_marathonMT.jpg\"><img loading=\"lazy\" decoding=\"async\" class=\"wp-image-11183  alignright\" src=\"https:\/\/lfv-oberholz.de\/cms\/wp-content\/uploads\/Alexander_Klemm_marathonMT-225x300.jpg\" alt=\"Alexander_Klemm_marathonMT\" width=\"178\" height=\"237\" srcset=\"https:\/\/lfv-oberholz.de\/cms\/wp-content\/uploads\/Alexander_Klemm_marathonMT-225x300.jpg 225w, https:\/\/lfv-oberholz.de\/cms\/wp-content\/uploads\/Alexander_Klemm_marathonMT.jpg 480w\" sizes=\"auto, (max-width: 178px) 100vw, 178px\" \/><\/a><\/p>\n<ul>\n<li style=\"text-align: left;\">Mitglied seit:<strong> \u00a0\u00a0\u00a0\u00a0 <\/strong>September 2021<\/li>\n<li style=\"text-align: left;\">Funktion im Verein: \u00dcbungsleiter Lauf \/ Fitnesstrainer<\/li>\n<li style=\"text-align: left;\">Beruf\/T\u00e4tigkeit:\u00a0 Arzt, (weitere Ausbildungen\u00a0\u00a0\u00a0\u00a0\u00a0\u00a0\u00a0\u00a0\u00a0\u00a0\u00a0\u00a0\u00a0\u00a0 Physiotherapie, Grafikdesign),<br \/>\nTrainer C \u2013 Lizenz f\u00fcr den Breitensport (\u00dcbungsleiter seit 07\/99),<br \/>\nVorstandsmitglied der Sportjugend Nordsachsen<\/li>\n<li style=\"text-align: left;\">Wohnort:\u00a0\u00a0\u00a0\u00a0\u00a0\u00a0\u00a0\u00a0\u00a0 Torgau<\/li>\n<li style=\"text-align: left;\">Jahrgang:\u00a0\u00a0\u00a0\u00a0\u00a0\u00a0\u00a0\u00a0 1979<\/li>\n<li style=\"text-align: left;\">Sportlich aktiv: seit 1984<\/li>\n<li style=\"text-align: left;\">Sportarten:\u00a0\u00a0\u00a0\u00a0\u00a0 Triathlon, Skilanglauf, Karate, Kraftsport \/ Fitnesssport, Bergsteigen,<br \/>\nKlettern, fr\u00fcher Fu\u00dfball, Tischtennis, Turnen und weitere<\/li>\n<li style=\"text-align: left;\">pers\u00f6nliche Erfolge \/ H\u00f6hepunkte:\n<ul style=\"list-style-type: circle;\">\n<li><a href=\"https:\/\/lfv-oberholz.de\/cms\/wp-content\/uploads\/image0-1-rotated.jpeg\"><img loading=\"lazy\" decoding=\"async\" class=\"alignright wp-image-18165\" src=\"https:\/\/lfv-oberholz.de\/cms\/wp-content\/uploads\/image0-1-225x300.jpeg\" alt=\"\" width=\"75\" height=\"100\" srcset=\"https:\/\/lfv-oberholz.de\/cms\/wp-content\/uploads\/image0-1-225x300.jpeg 225w, https:\/\/lfv-oberholz.de\/cms\/wp-content\/uploads\/image0-1-768x1024.jpeg 768w, https:\/\/lfv-oberholz.de\/cms\/wp-content\/uploads\/image0-1-1152x1536.jpeg 1152w, https:\/\/lfv-oberholz.de\/cms\/wp-content\/uploads\/image0-1-rotated.jpeg 1512w\" sizes=\"auto, (max-width: 75px) 100vw, 75px\" \/><\/a>Laufen:\n<ul style=\"list-style-type: disc;\">\n<li>Bergmarathon \u00fcber 42 km und 4500 H\u00f6henmeter in<br \/>\nunter 6 Stunden \u2013 Gesamtplatzierung 2. Platz<\/li>\n<\/ul>\n<\/li>\n<li>Triathlon:\n<ul style=\"list-style-type: disc;\">\n<li>&#8222;Langdistanz&#8220; Moritzburg Triathlon 2024, 10:35 h, Sachsenmeister M45<\/li>\n<li>Neuseenman 2022 \u2013 Mitteldistanz in 5 Stunden<br \/>\n(erste Mitteldistanz \u00fcberhaupt)<\/li>\n<li><a href=\"https:\/\/lfv-oberholz.de\/cms\/wp-content\/uploads\/image4.jpeg\"><img loading=\"lazy\" decoding=\"async\" class=\"alignright wp-image-18164\" src=\"https:\/\/lfv-oberholz.de\/cms\/wp-content\/uploads\/image4-221x300.jpeg\" alt=\"\" width=\"148\" height=\"200\" srcset=\"https:\/\/lfv-oberholz.de\/cms\/wp-content\/uploads\/image4-221x300.jpeg 221w, https:\/\/lfv-oberholz.de\/cms\/wp-content\/uploads\/image4-756x1024.jpeg 756w, https:\/\/lfv-oberholz.de\/cms\/wp-content\/uploads\/image4-768x1040.jpeg 768w, https:\/\/lfv-oberholz.de\/cms\/wp-content\/uploads\/image4.jpeg 1114w\" sizes=\"auto, (max-width: 148px) 100vw, 148px\" \/><\/a>Ironman 70.3 \u2013 Hoorn \u2013 Teamwertung 2.Platz<\/li>\n<\/ul>\n<\/li>\n<li>Sonstige:\n<ul>\n<li>&#8211; Gruppenleiter und Repr\u00e4sentant der deutschen<br \/>\nDelegation der<br \/>\nSportjugend aus Sachsen \/ Th\u00fcringen \/ Sachsen &#8211;<br \/>\nAnhalt beim 40. Deutsch \u2013 Japanischen<br \/>\nSportjugendaustausch des DOSB in Japan 2013<br \/>\n&#8211; erfolgreiche Besteigung des Gro\u00dfglockner<br \/>\n(\u00d6sterreich, 3798m), Gro\u00dfvenediger (\u00d6sterreich,<br \/>\n3657m und des Montasch (Italien, 2754m) innerhalb<br \/>\neiner Woche im Alleingang<br \/>\n&#8211; viele weitere Gipfel und Klettersteige in den Alpen<\/li>\n<\/ul>\n<\/li>\n<\/ul>\n<\/li>\n<\/ul>\n<p><a href=\"https:\/\/lfv-oberholz.de\/cms\/wp-content\/uploads\/50f2ffc5-7dcd-45cc-b17a-f62db9239fed.jpg\"><img loading=\"lazy\" decoding=\"async\" class=\"alignnone wp-image-11184\" src=\"https:\/\/lfv-oberholz.de\/cms\/wp-content\/uploads\/50f2ffc5-7dcd-45cc-b17a-f62db9239fed-300x200.jpg\" alt=\"50f2ffc5-7dcd-45cc-b17a-f62db9239fed\" width=\"84\" height=\"56\" srcset=\"https:\/\/lfv-oberholz.de\/cms\/wp-content\/uploads\/50f2ffc5-7dcd-45cc-b17a-f62db9239fed-300x200.jpg 300w, https:\/\/lfv-oberholz.de\/cms\/wp-content\/uploads\/50f2ffc5-7dcd-45cc-b17a-f62db9239fed-1024x682.jpg 1024w, https:\/\/lfv-oberholz.de\/cms\/wp-content\/uploads\/50f2ffc5-7dcd-45cc-b17a-f62db9239fed.jpg 1200w\" sizes=\"auto, (max-width: 84px) 100vw, 84px\" \/><\/a> <a href=\"https:\/\/lfv-oberholz.de\/cms\/wp-content\/uploads\/13340158_788477447919081_8630517004537956093_o.jpg\"><img loading=\"lazy\" decoding=\"async\" class=\"alignnone wp-image-11185\" src=\"https:\/\/lfv-oberholz.de\/cms\/wp-content\/uploads\/13340158_788477447919081_8630517004537956093_o-300x222.jpg\" alt=\"13340158_788477447919081_8630517004537956093_o\" width=\"102\" height=\"75\" srcset=\"https:\/\/lfv-oberholz.de\/cms\/wp-content\/uploads\/13340158_788477447919081_8630517004537956093_o-300x222.jpg 300w, https:\/\/lfv-oberholz.de\/cms\/wp-content\/uploads\/13340158_788477447919081_8630517004537956093_o.jpg 1024w\" sizes=\"auto, (max-width: 102px) 100vw, 102px\" \/><\/a> <a href=\"https:\/\/lfv-oberholz.de\/cms\/wp-content\/uploads\/Sparkassen-Teichelauf-2018-bot-Abwechslung-und-viel-Wald_big_teaser_article.jpg\"><img loading=\"lazy\" decoding=\"async\" class=\"alignnone wp-image-11186\" src=\"https:\/\/lfv-oberholz.de\/cms\/wp-content\/uploads\/Sparkassen-Teichelauf-2018-bot-Abwechslung-und-viel-Wald_big_teaser_article-300x150.jpg\" alt=\"Sparkassen-Teichelauf-2018-bot-Abwechslung-und-viel-Wald_big_teaser_article\" width=\"218\" height=\"109\" srcset=\"https:\/\/lfv-oberholz.de\/cms\/wp-content\/uploads\/Sparkassen-Teichelauf-2018-bot-Abwechslung-und-viel-Wald_big_teaser_article-300x150.jpg 300w, https:\/\/lfv-oberholz.de\/cms\/wp-content\/uploads\/Sparkassen-Teichelauf-2018-bot-Abwechslung-und-viel-Wald_big_teaser_article.jpg 760w\" sizes=\"auto, (max-width: 218px) 100vw, 218px\" \/><\/a> <a href=\"https:\/\/lfv-oberholz.de\/cms\/wp-content\/uploads\/IMG_20220730_125308.jpg\"><img loading=\"lazy\" decoding=\"async\" class=\"alignnone wp-image-11163\" src=\"https:\/\/lfv-oberholz.de\/cms\/wp-content\/uploads\/IMG_20220730_125308-300x225.jpg\" alt=\"IMG_20220730_125308\" width=\"102\" height=\"76\" srcset=\"https:\/\/lfv-oberholz.de\/cms\/wp-content\/uploads\/IMG_20220730_125308-300x225.jpg 300w, https:\/\/lfv-oberholz.de\/cms\/wp-content\/uploads\/IMG_20220730_125308-1024x768.jpg 1024w\" sizes=\"auto, (max-width: 102px) 100vw, 102px\" \/><\/a> <a href=\"https:\/\/lfv-oberholz.de\/cms\/wp-content\/uploads\/IMG_20220730_153143.jpg\">&#8230;<\/a><\/p>\n","protected":false},"excerpt":{"rendered":"<p>Alexander Klemm (Dieses Seite wurde mit Einwilligung der betreffenden Person erstellt und ver\u00f6ffentlicht.) Mitglied seit: \u00a0\u00a0\u00a0\u00a0 September 2021 Funktion im Verein: \u00dcbungsleiter Lauf \/ Fitnesstrainer Beruf\/T\u00e4tigkeit:\u00a0 Arzt, (weitere Ausbildungen\u00a0\u00a0\u00a0\u00a0\u00a0\u00a0\u00a0\u00a0\u00a0\u00a0\u00a0\u00a0\u00a0\u00a0 Physiotherapie, Grafikdesign), Trainer C \u2013 Lizenz f\u00fcr den Breitensport (\u00dcbungsleiter seit &hellip; <a href=\"https:\/\/lfv-oberholz.de\/cms\/athleten\/klemm-alexander\/\">Weiterlesen <span class=\"meta-nav\">&rarr;<\/span><\/a><\/p>\n","protected":false},"author":6,"featured_media":0,"parent":257,"menu_order":0,"comment_status":"closed","ping_status":"closed","template":"","meta":{"pgc_sgb_lightbox_settings":"","footnotes":""},"class_list":["post-11181","page","type-page","status-publish","hentry"],"_links":{"self":[{"href":"https:\/\/lfv-oberholz.de\/cms\/wp-json\/wp\/v2\/pages\/11181","targetHints":{"allow":["GET"]}}],"collection":[{"href":"https:\/\/lfv-oberholz.de\/cms\/wp-json\/wp\/v2\/pages"}],"about":[{"href":"https:\/\/lfv-oberholz.de\/cms\/wp-json\/wp\/v2\/types\/page"}],"author":[{"embeddable":true,"href":"https:\/\/lfv-oberholz.de\/cms\/wp-json\/wp\/v2\/users\/6"}],"replies":[{"embeddable":true,"href":"https:\/\/lfv-oberholz.de\/cms\/wp-json\/wp\/v2\/comments?post=11181"}],"version-history":[{"count":0,"href":"https:\/\/lfv-oberholz.de\/cms\/wp-json\/wp\/v2\/pages\/11181\/revisions"}],"up":[{"embeddable":true,"href":"https:\/\/lfv-oberholz.de\/cms\/wp-json\/wp\/v2\/pages\/257"}],"wp:attachment":[{"href":"https:\/\/lfv-oberholz.de\/cms\/wp-json\/wp\/v2\/media?parent=11181"}],"curies":[{"name":"wp","href":"https:\/\/api.w.org\/{rel}","templated":true}]}}